{"id":19987,"date":"2025-06-15T11:42:13","date_gmt":"2025-06-15T10:42:13","guid":{"rendered":"https:\/\/swissgliders.ch\/?post_type=product&#038;p=19987"},"modified":"2025-11-05T10:00:29","modified_gmt":"2025-11-05T09:00:29","slug":"skywalk-smartbag","status":"publish","type":"product","link":"https:\/\/swissgliders.ch\/de\/produkt\/skywalk-smartbag\/","title":{"rendered":"Skywalk Smartbag"},"content":{"rendered":"<div class=\"et_pb_module et_pb_text et_pb_text_0 et_pb_text_align_left et_pb_bg_layout_light\">\n<p><img loading=\"lazy\" decoding=\"async\" class=\"\" src=\"https:\/\/shop.skywalk.info\/media\/image\/1c\/6a\/fd\/SABSMB10M.jpg\" width=\"409\" height=\"409\" \/><\/p>\n<p>Der SMARTBAG ist ein Compress bag in Leichtbauweise konstruiert, um Anf\u00e4ngern und Intermediate Piloten eine schnelle und klein zu komprimierende Packmethode zu erm\u00f6glichen. Aufgrund der Komprimierung empfehlen wir den SMARTBAG nur f\u00fcr Gleitschirme mit flexiblen Rigid Foils und nicht f\u00fcr Schirme mit starren Rigid Foils.<\/p>\n<table border=\"0\" cellspacing=\"0\" cellpadding=\"0\">\n<tbody>\n<tr>\n<td class=\"xl66\" colspan=\"3\" width=\"160\"><strong>SMARTBAG<\/strong><\/td>\n<\/tr>\n<tr>\n<td class=\"xl67\" height=\"20\"><strong>Gr\u00f6\u00dfe<\/strong><\/td>\n<td class=\"xl65\">XS<\/td>\n<td class=\"xl65\">S<\/td>\n<td class=\"xl65\">M<\/td>\n<\/tr>\n<tr>\n<td class=\"xl67\" height=\"20\"><strong>L\u00e4nge (m)<\/strong><\/td>\n<td class=\"xl65\">2,40<\/td>\n<td class=\"xl65\">2,65<\/td>\n<td class=\"xl65\">3,05<\/td>\n<\/tr>\n<tr>\n<td class=\"xl67\" height=\"20\"><strong>Gewicht (g)<\/strong><\/td>\n<td class=\"xl65\">170<\/td>\n<td class=\"xl65\">200<\/td>\n<td class=\"xl65\">220<\/td>\n<\/tr>\n<\/tbody>\n<\/table>\n<\/div>\n<div class=\"et_pb_module et_pb_text et_pb_text_1 et_pb_text_align_left et_pb_bg_layout_light\">\n<div class=\"et_pb_text_inner\">\n<div class=\"et_pb_module et_pb_text et_pb_text_0 et_pb_text_align_left et_pb_bg_layout_light\">\n<p>Farbe: blue jewel\/orange<\/p>\n<\/div>\n<\/div>\n<\/div>\n<p><br class=\"avia-permanent-lb\" \/>Mehr <a href=\"https:\/\/shop.skywalk.info\/de\/accessoires\/rucksaecke-taschen\/3726\/smartbag\" target=\"_blank\" rel=\"noopener noreferrer\">Info<\/a><\/p>\n<p>Falls dieser Artikel nicht an Lager ist, wird er f\u00fcr dich bestellt. Lieferfrist auf Anfrage.<\/p>\n","protected":false},"excerpt":{"rendered":"<div class=\"et_pb_module et_pb_text et_pb_text_0 et_pb_text_align_left et_pb_bg_layout_light\">\n<p><img loading=\"lazy\" decoding=\"async\" class=\"\" src=\"https:\/\/shop.skywalk.info\/media\/image\/1c\/6a\/fd\/SABSMB10M.jpg\" width=\"409\" height=\"409\" \/><\/p>\n<p>Der SMARTBAG ist ein Compress bag in Leichtbauweise konstruiert, um Anf\u00e4ngern und Intermediate Piloten eine schnelle und klein zu komprimierende Packmethode zu erm\u00f6glichen. Aufgrund der Komprimierung empfehlen wir den SMARTBAG nur f\u00fcr Gleitschirme mit flexiblen Rigid Foils und nicht f\u00fcr Schirme mit starren Rigid Foils.<\/p>\n<table border=\"0\" cellspacing=\"0\" cellpadding=\"0\">\n<tbody>\n<tr>\n<td class=\"xl66\" colspan=\"3\" width=\"160\"><strong>SMARTBAG<\/strong><\/td>\n<\/tr>\n<tr>\n<td class=\"xl67\" height=\"20\"><strong>Gr\u00f6\u00dfe<\/strong><\/td>\n<td class=\"xl65\">XS<\/td>\n<td class=\"xl65\">S<\/td>\n<td class=\"xl65\">M<\/td>\n<\/tr>\n<tr>\n<td class=\"xl67\" height=\"20\"><strong>L\u00e4nge (m)<\/strong><\/td>\n<td class=\"xl65\">2,40<\/td>\n<td class=\"xl65\">2,65<\/td>\n<td class=\"xl65\">3,05<\/td>\n<\/tr>\n<tr>\n<td class=\"xl67\" height=\"20\"><strong>Gewicht (g)<\/strong><\/td>\n<td class=\"xl65\">170<\/td>\n<td class=\"xl65\">200<\/td>\n<td class=\"xl65\">220<\/td>\n<\/tr>\n<\/tbody>\n<\/table>\n<\/div>\n<div class=\"et_pb_module et_pb_text et_pb_text_1 et_pb_text_align_left et_pb_bg_layout_light\">\n<div class=\"et_pb_text_inner\">\n<div class=\"et_pb_module et_pb_text et_pb_text_0 et_pb_text_align_left et_pb_bg_layout_light\">\n<p>Farbe: blue jewel\/orange<\/p>\n<\/div>\n<\/div>\n<\/div>\n<p><br class=\"avia-permanent-lb\" \/>Mehr <a href=\"https:\/\/shop.skywalk.info\/de\/accessoires\/rucksaecke-taschen\/3726\/smartbag\" target=\"_blank\" rel=\"noopener noreferrer\">Info<\/a><\/p>\n<p>Falls dieser Artikel nicht an Lager ist, wird er f\u00fcr dich bestellt. Lieferfrist auf Anfrage.<\/p>\n","protected":false},"featured_media":12301,"comment_status":"closed","ping_status":"closed","template":"","meta":[],"product_brand":[2595],"product_cat":[2076],"product_tag":[2077,90],"class_list":["post-19987","product","type-product","status-publish","has-post-thumbnail","product_brand-skywalk","product_cat-gleitschirm-packsaecke","product_tag-packsack","product_tag-verkaufsartikel","first","instock","taxable","shipping-taxable","purchasable","product-type-variable"],"yoast_head":"<!-- This site is optimized with the Yoast SEO Premium plugin v26.1 (Yoast SEO v28.3) - https:\/\/yoast.com\/product\/yoast-seo-premium-wordpress\/ -->\n<title>Skywalk Smartbag | Gleitschirmschule Thun und Berner Oberland<\/title>\n<meta name=\"description\" content=\"Der SMARTBAG ist ein Compress bag in Leichtbauweise konstruiert, um Anf\u00e4ngern und Intermediate Piloten eine schnelle und klein zu komprimierende Packmethode zu erm\u00f6glichen. Aufgrund der Komprimierung empfehlen wir den SMARTBAG nur f\u00fcr Gleitschirme mit flexiblen Rigid Foils und nicht f\u00fcr Schirme mit starren Rigid Foils.\" \/>\n<meta name=\"robots\" content=\"index, follow, max-snippet:-1, max-image-preview:large, max-video-preview:-1\" \/>\n<link rel=\"canonical\" href=\"https:\/\/swissgliders.ch\/de\/produkt\/skywalk-smartbag\/\" \/>\n<meta property=\"og:locale\" content=\"de_DE\" \/>\n<meta property=\"og:type\" content=\"article\" \/>\n<meta property=\"og:title\" content=\"Skywalk Smartbag\" \/>\n<meta property=\"og:description\" content=\"Der SMARTBAG ist ein Compress bag in Leichtbauweise konstruiert, um Anf\u00e4ngern und Intermediate Piloten eine schnelle und klein zu komprimierende Packmethode zu erm\u00f6glichen. Aufgrund der Komprimierung empfehlen wir den SMARTBAG nur f\u00fcr Gleitschirme mit flexiblen Rigid Foils und nicht f\u00fcr Schirme mit starren Rigid Foils.\" \/>\n<meta property=\"og:url\" content=\"https:\/\/swissgliders.ch\/de\/produkt\/skywalk-smartbag\/\" \/>\n<meta property=\"og:site_name\" content=\"Gleitschirmschule Thun und Berner Oberland\" \/>\n<meta property=\"article:publisher\" content=\"https:\/\/www.facebook.com\/swissgliders\" \/>\n<meta property=\"article:modified_time\" content=\"2025-11-05T09:00:29+00:00\" \/>\n<meta property=\"og:image\" content=\"https:\/\/swissgliders.ch\/wp-content\/uploads\/2024\/02\/Skywalk_Packsack_Smartbag-2.jpg\" \/>\n\t<meta property=\"og:image:width\" content=\"2048\" \/>\n\t<meta property=\"og:image:height\" content=\"1350\" \/>\n\t<meta property=\"og:image:type\" content=\"image\/jpeg\" \/>\n<meta name=\"twitter:card\" content=\"summary_large_image\" \/>\n<meta name=\"twitter:site\" content=\"@Swissgliders\" \/>\n<meta name=\"twitter:label1\" content=\"Verf\u00fcgbarkeit\" \/>\n\t<meta name=\"twitter:data1\" content=\"Auf Lager\" \/>\n<script type=\"application\/ld+json\" class=\"yoast-schema-graph\">{\"@context\":\"https:\\\/\\\/schema.org\",\"@graph\":[{\"@type\":\"WebPage\",\"@id\":\"https:\\\/\\\/swissgliders.ch\\\/de\\\/produkt\\\/skywalk-smartbag\\\/\",\"url\":\"https:\\\/\\\/swissgliders.ch\\\/de\\\/produkt\\\/skywalk-smartbag\\\/\",\"name\":\"Skywalk Smartbag | Gleitschirmschule Thun und Berner Oberland\",\"isPartOf\":{\"@id\":\"https:\\\/\\\/swissgliders.ch\\\/de\\\/#website\"},\"primaryImageOfPage\":{\"@id\":\"https:\\\/\\\/swissgliders.ch\\\/de\\\/produkt\\\/skywalk-smartbag\\\/#primaryimage\"},\"image\":{\"@id\":\"https:\\\/\\\/swissgliders.ch\\\/de\\\/produkt\\\/skywalk-smartbag\\\/#primaryimage\"},\"thumbnailUrl\":\"https:\\\/\\\/swissgliders.ch\\\/wp-content\\\/uploads\\\/2024\\\/02\\\/Skywalk_Packsack_Smartbag-2.jpg\",\"datePublished\":\"2025-06-15T10:42:13+00:00\",\"dateModified\":\"2025-11-05T09:00:29+00:00\",\"description\":\"Der SMARTBAG ist ein Compress bag in Leichtbauweise konstruiert, um Anf\u00e4ngern und Intermediate Piloten eine schnelle und klein zu komprimierende Packmethode zu erm\u00f6glichen. Aufgrund der Komprimierung empfehlen wir den SMARTBAG nur f\u00fcr Gleitschirme mit flexiblen Rigid Foils und nicht f\u00fcr Schirme mit starren Rigid Foils.\",\"breadcrumb\":{\"@id\":\"https:\\\/\\\/swissgliders.ch\\\/de\\\/produkt\\\/skywalk-smartbag\\\/#breadcrumb\"},\"inLanguage\":\"de\",\"potentialAction\":[{\"@type\":\"ReadAction\",\"target\":[\"https:\\\/\\\/swissgliders.ch\\\/de\\\/produkt\\\/skywalk-smartbag\\\/\"]}]},{\"@type\":\"ImageObject\",\"inLanguage\":\"de\",\"@id\":\"https:\\\/\\\/swissgliders.ch\\\/de\\\/produkt\\\/skywalk-smartbag\\\/#primaryimage\",\"url\":\"https:\\\/\\\/swissgliders.ch\\\/wp-content\\\/uploads\\\/2024\\\/02\\\/Skywalk_Packsack_Smartbag-2.jpg\",\"contentUrl\":\"https:\\\/\\\/swissgliders.ch\\\/wp-content\\\/uploads\\\/2024\\\/02\\\/Skywalk_Packsack_Smartbag-2.jpg\",\"width\":2048,\"height\":1350,\"caption\":\"Skywalk_Packsack_Smartbag-2\"},{\"@type\":\"BreadcrumbList\",\"@id\":\"https:\\\/\\\/swissgliders.ch\\\/de\\\/produkt\\\/skywalk-smartbag\\\/#breadcrumb\",\"itemListElement\":[{\"@type\":\"ListItem\",\"position\":1,\"name\":\"Startseite\",\"item\":\"https:\\\/\\\/swissgliders.ch\\\/de\\\/willkommen\\\/\"},{\"@type\":\"ListItem\",\"position\":2,\"name\":\"Gleitschirm Shop\",\"item\":\"https:\\\/\\\/swissgliders.ch\\\/de\\\/gleitschirm-shop\\\/\"},{\"@type\":\"ListItem\",\"position\":3,\"name\":\"Skywalk Smartbag\"}]},{\"@type\":\"WebSite\",\"@id\":\"https:\\\/\\\/swissgliders.ch\\\/de\\\/#website\",\"url\":\"https:\\\/\\\/swissgliders.ch\\\/de\\\/\",\"name\":\"Gleitschirmschule Thun, Bern, Interlaken\",\"description\":\"Gleitschirmschule Thun und Berner Oberland\",\"publisher\":{\"@id\":\"https:\\\/\\\/swissgliders.ch\\\/de\\\/#organization\"},\"potentialAction\":[{\"@type\":\"SearchAction\",\"target\":{\"@type\":\"EntryPoint\",\"urlTemplate\":\"https:\\\/\\\/swissgliders.ch\\\/de\\\/?s={search_term_string}\"},\"query-input\":{\"@type\":\"PropertyValueSpecification\",\"valueRequired\":true,\"valueName\":\"search_term_string\"}}],\"inLanguage\":\"de\"},{\"@type\":\"Organization\",\"@id\":\"https:\\\/\\\/swissgliders.ch\\\/de\\\/#organization\",\"name\":\"Swissgliders Gleitschirmflugschule Thun\",\"url\":\"https:\\\/\\\/swissgliders.ch\\\/de\\\/\",\"logo\":{\"@type\":\"ImageObject\",\"inLanguage\":\"de\",\"@id\":\"https:\\\/\\\/swissgliders.ch\\\/de\\\/#\\\/schema\\\/logo\\\/image\\\/\",\"url\":\"https:\\\/\\\/swissgliders.ch\\\/wp-content\\\/uploads\\\/2019\\\/12\\\/swissgliders-logo-rgb-square-L-no-ch-01.png\",\"contentUrl\":\"https:\\\/\\\/swissgliders.ch\\\/wp-content\\\/uploads\\\/2019\\\/12\\\/swissgliders-logo-rgb-square-L-no-ch-01.png\",\"width\":2500,\"height\":2500,\"caption\":\"Swissgliders Gleitschirmflugschule Thun\"},\"image\":{\"@id\":\"https:\\\/\\\/swissgliders.ch\\\/de\\\/#\\\/schema\\\/logo\\\/image\\\/\"},\"sameAs\":[\"https:\\\/\\\/www.facebook.com\\\/swissgliders\",\"https:\\\/\\\/x.com\\\/Swissgliders\",\"https:\\\/\\\/www.instagram.com\\\/swissgliders\\\/\",\"https:\\\/\\\/www.youtube.com\\\/channel\\\/UCMCtGdepy9vBhrhX3V_oJOA\"],\"hasMerchantReturnPolicy\":{\"@type\":\"MerchantReturnPolicy\",\"merchantReturnLink\":\"https:\\\/\\\/swissgliders.ch\\\/de\\\/allgemeine-geschaftsbedingungen\\\/\"}}]}<\/script>\n<meta property=\"og:availability\" content=\"instock\" \/>\n<meta property=\"product:availability\" content=\"instock\" \/>\n<meta property=\"product:condition\" content=\"new\" \/>\n<!-- \/ Yoast SEO Premium plugin. -->","yoast_head_json":{"title":"Skywalk Smartbag | Gleitschirmschule Thun und Berner Oberland","description":"Der SMARTBAG ist ein Compress bag in Leichtbauweise konstruiert, um Anf\u00e4ngern und Intermediate Piloten eine schnelle und klein zu komprimierende Packmethode zu erm\u00f6glichen. Aufgrund der Komprimierung empfehlen wir den SMARTBAG nur f\u00fcr Gleitschirme mit flexiblen Rigid Foils und nicht f\u00fcr Schirme mit starren Rigid Foils.","robots":{"index":"index","follow":"follow","max-snippet":"max-snippet:-1","max-image-preview":"max-image-preview:large","max-video-preview":"max-video-preview:-1"},"canonical":"https:\/\/swissgliders.ch\/de\/produkt\/skywalk-smartbag\/","og_locale":"de_DE","og_type":"article","og_title":"Skywalk Smartbag","og_description":"Der SMARTBAG ist ein Compress bag in Leichtbauweise konstruiert, um Anf\u00e4ngern und Intermediate Piloten eine schnelle und klein zu komprimierende Packmethode zu erm\u00f6glichen. Aufgrund der Komprimierung empfehlen wir den SMARTBAG nur f\u00fcr Gleitschirme mit flexiblen Rigid Foils und nicht f\u00fcr Schirme mit starren Rigid Foils.","og_url":"https:\/\/swissgliders.ch\/de\/produkt\/skywalk-smartbag\/","og_site_name":"Gleitschirmschule Thun und Berner Oberland","article_publisher":"https:\/\/www.facebook.com\/swissgliders","article_modified_time":"2025-11-05T09:00:29+00:00","og_image":[{"width":2048,"height":1350,"url":"https:\/\/swissgliders.ch\/wp-content\/uploads\/2024\/02\/Skywalk_Packsack_Smartbag-2.jpg","type":"image\/jpeg"}],"twitter_card":"summary_large_image","twitter_site":"@Swissgliders","twitter_misc":{"Verf\u00fcgbarkeit":"Auf Lager"},"schema":{"@context":"https:\/\/schema.org","@graph":[{"@type":"WebPage","@id":"https:\/\/swissgliders.ch\/de\/produkt\/skywalk-smartbag\/","url":"https:\/\/swissgliders.ch\/de\/produkt\/skywalk-smartbag\/","name":"Skywalk Smartbag | Gleitschirmschule Thun und Berner Oberland","isPartOf":{"@id":"https:\/\/swissgliders.ch\/de\/#website"},"primaryImageOfPage":{"@id":"https:\/\/swissgliders.ch\/de\/produkt\/skywalk-smartbag\/#primaryimage"},"image":{"@id":"https:\/\/swissgliders.ch\/de\/produkt\/skywalk-smartbag\/#primaryimage"},"thumbnailUrl":"https:\/\/swissgliders.ch\/wp-content\/uploads\/2024\/02\/Skywalk_Packsack_Smartbag-2.jpg","datePublished":"2025-06-15T10:42:13+00:00","dateModified":"2025-11-05T09:00:29+00:00","description":"Der SMARTBAG ist ein Compress bag in Leichtbauweise konstruiert, um Anf\u00e4ngern und Intermediate Piloten eine schnelle und klein zu komprimierende Packmethode zu erm\u00f6glichen. Aufgrund der Komprimierung empfehlen wir den SMARTBAG nur f\u00fcr Gleitschirme mit flexiblen Rigid Foils und nicht f\u00fcr Schirme mit starren Rigid Foils.","breadcrumb":{"@id":"https:\/\/swissgliders.ch\/de\/produkt\/skywalk-smartbag\/#breadcrumb"},"inLanguage":"de","potentialAction":[{"@type":"ReadAction","target":["https:\/\/swissgliders.ch\/de\/produkt\/skywalk-smartbag\/"]}]},{"@type":"ImageObject","inLanguage":"de","@id":"https:\/\/swissgliders.ch\/de\/produkt\/skywalk-smartbag\/#primaryimage","url":"https:\/\/swissgliders.ch\/wp-content\/uploads\/2024\/02\/Skywalk_Packsack_Smartbag-2.jpg","contentUrl":"https:\/\/swissgliders.ch\/wp-content\/uploads\/2024\/02\/Skywalk_Packsack_Smartbag-2.jpg","width":2048,"height":1350,"caption":"Skywalk_Packsack_Smartbag-2"},{"@type":"BreadcrumbList","@id":"https:\/\/swissgliders.ch\/de\/produkt\/skywalk-smartbag\/#breadcrumb","itemListElement":[{"@type":"ListItem","position":1,"name":"Startseite","item":"https:\/\/swissgliders.ch\/de\/willkommen\/"},{"@type":"ListItem","position":2,"name":"Gleitschirm Shop","item":"https:\/\/swissgliders.ch\/de\/gleitschirm-shop\/"},{"@type":"ListItem","position":3,"name":"Skywalk Smartbag"}]},{"@type":"WebSite","@id":"https:\/\/swissgliders.ch\/de\/#website","url":"https:\/\/swissgliders.ch\/de\/","name":"Gleitschirmschule Thun, Bern, Interlaken","description":"Gleitschirmschule Thun und Berner Oberland","publisher":{"@id":"https:\/\/swissgliders.ch\/de\/#organization"},"potentialAction":[{"@type":"SearchAction","target":{"@type":"EntryPoint","urlTemplate":"https:\/\/swissgliders.ch\/de\/?s={search_term_string}"},"query-input":{"@type":"PropertyValueSpecification","valueRequired":true,"valueName":"search_term_string"}}],"inLanguage":"de"},{"@type":"Organization","@id":"https:\/\/swissgliders.ch\/de\/#organization","name":"Swissgliders Gleitschirmflugschule Thun","url":"https:\/\/swissgliders.ch\/de\/","logo":{"@type":"ImageObject","inLanguage":"de","@id":"https:\/\/swissgliders.ch\/de\/#\/schema\/logo\/image\/","url":"https:\/\/swissgliders.ch\/wp-content\/uploads\/2019\/12\/swissgliders-logo-rgb-square-L-no-ch-01.png","contentUrl":"https:\/\/swissgliders.ch\/wp-content\/uploads\/2019\/12\/swissgliders-logo-rgb-square-L-no-ch-01.png","width":2500,"height":2500,"caption":"Swissgliders Gleitschirmflugschule Thun"},"image":{"@id":"https:\/\/swissgliders.ch\/de\/#\/schema\/logo\/image\/"},"sameAs":["https:\/\/www.facebook.com\/swissgliders","https:\/\/x.com\/Swissgliders","https:\/\/www.instagram.com\/swissgliders\/","https:\/\/www.youtube.com\/channel\/UCMCtGdepy9vBhrhX3V_oJOA"],"hasMerchantReturnPolicy":{"@type":"MerchantReturnPolicy","merchantReturnLink":"https:\/\/swissgliders.ch\/de\/allgemeine-geschaftsbedingungen\/"}}]},"og_availability":"instock","product_availability":"instock","product_condition":"new"},"_links":{"self":[{"href":"https:\/\/swissgliders.ch\/de\/wp-json\/wp\/v2\/product\/19987","targetHints":{"allow":["GET"]}}],"collection":[{"href":"https:\/\/swissgliders.ch\/de\/wp-json\/wp\/v2\/product"}],"about":[{"href":"https:\/\/swissgliders.ch\/de\/wp-json\/wp\/v2\/types\/product"}],"replies":[{"embeddable":true,"href":"https:\/\/swissgliders.ch\/de\/wp-json\/wp\/v2\/comments?post=19987"}],"wp:featuredmedia":[{"embeddable":true,"href":"https:\/\/swissgliders.ch\/de\/wp-json\/wp\/v2\/media\/12301"}],"wp:attachment":[{"href":"https:\/\/swissgliders.ch\/de\/wp-json\/wp\/v2\/media?parent=19987"}],"wp:term":[{"taxonomy":"product_brand","embeddable":true,"href":"https:\/\/swissgliders.ch\/de\/wp-json\/wp\/v2\/product_brand?post=19987"},{"taxonomy":"product_cat","embeddable":true,"href":"https:\/\/swissgliders.ch\/de\/wp-json\/wp\/v2\/product_cat?post=19987"},{"taxonomy":"product_tag","embeddable":true,"href":"https:\/\/swissgliders.ch\/de\/wp-json\/wp\/v2\/product_tag?post=19987"}],"curies":[{"name":"wp","href":"https:\/\/api.w.org\/{rel}","templated":true}]}}