{"id":4134,"date":"2020-01-21T21:18:48","date_gmt":"2020-01-21T20:18:48","guid":{"rendered":"https:\/\/swissgliders.ch\/?post_type=product&#038;p=4134"},"modified":"2025-06-10T17:31:11","modified_gmt":"2025-06-10T16:31:11","slug":"airdesign-susi-4-en-a-d","status":"publish","type":"product","link":"https:\/\/swissgliders.ch\/de\/produkt\/airdesign-susi-4-en-a-d\/","title":{"rendered":"AirDesign SuSi 4 EN-A-D"},"content":{"rendered":"<div id=\"readmore\" class=\"et_pb_module et_pb_text et_pb_text_2 et_pb_text_align_left et_pb_bg_layout_light et_had_animation\">\n<div class=\"et_pb_text_inner\">\n<div class=\"et_pb_row et_pb_row_1\">\n<div class=\"et_pb_column et_pb_column_4_4 et_pb_column_1 et_pb_css_mix_blend_mode_passthrough et-last-child\">\n<div class=\"et_pb_module et_pb_text et_pb_text_1 et_pb_text_align_left et_pb_bg_layout_light\">\n<h4 class=\"et_pb_text_inner\">SuSi 4 \u2013 #Superlight4all<\/h4>\n<\/div>\n<\/div>\n<\/div>\n<div class=\"et_pb_row et_pb_row_2\">\n<div class=\"et_pb_column et_pb_column_1_2 et_pb_column_2 et_pb_css_mix_blend_mode_passthrough\">\n<div class=\"et_pb_module et_pb_text et_pb_text_2 et_pb_text_align_left et_pb_bg_layout_light et_had_animation\">\n<div class=\"et_pb_text_inner\">\n<div class=\"et_pb_row et_pb_row_1\">\n<div class=\"et_pb_column et_pb_column_4_4 et_pb_column_1 et_pb_css_mix_blend_mode_passthrough et-last-child\">\n<div class=\"et_pb_module et_pb_text et_pb_text_1 et_pb_text_align_left et_pb_bg_layout_light\">\n<div class=\"et_pb_text_inner\">\n<h4>Von A bis D<br \/>\nM\u00fcde \u00f6ffne ich am Morgen die Vorh\u00e4nge und blicke mit verschlafenen Augen nach drau\u00dfen in die verregnete Landschaft.<\/h4>\n<\/div>\n<\/div>\n<\/div>\n<\/div>\n<div class=\"et_pb_row et_pb_row_2\">\n<div class=\"et_pb_column et_pb_column_1_2 et_pb_column_2 et_pb_css_mix_blend_mode_passthrough\">\n<div class=\"et_pb_module et_pb_text et_pb_text_2 et_pb_text_align_left et_pb_bg_layout_light et_had_animation\">\n<div class=\"et_pb_text_inner\">\n<p>Ein kurzer Espresso bringt mich wieder zur\u00fcck ins Leben und kurzerhand beschlie\u00dfe ich: Ab nach Bassano f\u00fcr ein paar nette Hike&amp;Flys! Im Radio l\u00e4uft Passenger von Siouxsie &amp; The Banshees \u2013 was f\u00fcr ein witziger Zufall! Ich nehme das als lustiges Omen, da ich einen SuSi fliege. \u00dcber Hike&amp;Fly brauche ich dir ja nichts zu erz\u00e4hlen \u2013 das wei\u00dft du selbst ohnehin besser. Ich genie\u00dfe einfach die Natur, das Hiken und den Flug. Das ist mein Style.<\/p>\n<p><img loading=\"lazy\" decoding=\"async\" class=\"\" src=\"https:\/\/ad-gliders.com\/wp-content\/uploads\/2023\/01\/airdesign-16.jpg\" alt=\"undefined\" width=\"882\" height=\"556\" \/><\/p>\n<p><strong>Wie l\u00e4sst sich SuSi 4 beschreiben\u2026<\/strong><\/p>\n<div class=\"et_pb_module et_pb_text et_pb_text_7 et_pb_text_align_left et_pb_bg_layout_light et_had_animation\">\n<div class=\"et_pb_text_inner\">\n<p><strong>\u2026in einem Wort?<\/strong><br \/>\nUnbegrenzt.<\/p>\n<p><strong>\u2026in einem Bild?<\/strong><br \/>\nAll diese SuSi-Passagiere sind so unterschiedlich und haben doch den gleichen Spa\u00df.<\/p>\n<p><strong>\u2026in einem Traum?<\/strong><br \/>\nIch nehme meinen Passagier mit auf eine Weltreise, fliege hoch hinaus, in die Berge, an den D\u00fcnen, zum XC und zu vielem mehr.<\/p>\n<div id=\"konstruktionundfeatures\" class=\"et_pb_module et_pb_text et_pb_text_10 et_pb_text_align_left et_pb_bg_layout_light et_had_animation\">\n<div class=\"et_pb_text_inner\">\n<div id=\"wieersichfliegt\" class=\"et_pb_module et_pb_text et_pb_text_8 et_pb_text_align_left et_pb_bg_layout_light et_had_animation\">\n<div class=\"et_pb_text_inner\">\n<p><em>Und was sagt der Designer?!<\/em><\/p>\n<\/div>\n<\/div>\n<div class=\"et_pb_module et_pb_testimonial et_pb_testimonial_0 clearfix et_pb_text_align_left et_pb_bg_layout_light et_pb_testimonial_no_image\">\n<div class=\"et_pb_testimonial_description\">\n<div class=\"et_pb_testimonial_description_inner\">\n<div class=\"et_pb_testimonial_content\">\n<p><em>Die Geschichte wiederholt sich. Der SUper SImpleGleitschirm geht in seine 4. Generation. Die Entwicklung wird fortgesetzt mit vielen Innovationen wie der BC-Steuerung und der Einstufung im EN-A. Und er bietet immer noch sein ber\u00fchmt-ber\u00fcchtigtes Fluggef\u00fchl. Ich bin begeistert, dass es mir gelungen ist, diesen Schirm neu zu definieren und die Einsatzm\u00f6glichkeiten wieder zu erweitern.<\/em><br \/>\n<em>Ich erinnere mich noch an die erste Generation des SuSi, die keine Zulassung hatte (nur den Lasttest). Ich habe ihn nur f\u00fcr mich selbst gebaut, weil ich einen Schirm f\u00fcr hike&amp;fly wollte, der leicht, einfach aber leistungsf\u00e4hig sein sollte.<\/em><\/p>\n<p><em>Heute bietet er immer noch sein typisches Fluggef\u00fchl, er ist robuster denn je, und Piloten auf der ganzen Welt k\u00f6nnen sich auf den SuSi verlassen, wie sie es seit so vielen Jahren tun!<\/em><\/p>\n<p>Stephan Stiegler<br \/>\nDesigner<\/p>\n<\/div>\n<\/div>\n<\/div>\n<\/div>\n<h5 class=\"et_pb_toggle_title\">Was ist Neu?<\/h5>\n<div class=\"et_pb_toggle_content clearfix\">\n<p>Nicht so viel vom Charakter aber in den Konstruktionsdetails eine Menge!<br \/>\nDas SuSi-Konzept wurde verbessert, der Schirm f\u00fchlt sich insgesamt ausgewogener an. Das Startverhalten ist sogar verbessert (ja!), das Rollen ist kontrollierter. Voll beschleunigt ist die Kappe stabiler geworden und auch schneller.<br \/>\nSie hat eine voll funktionsf\u00e4hige BC-Tragegurt-Steuerung mit Light- oder Superlight-Tragegurten \u2013 es ist \u00fcbrigens eine Frage des Gewichts oder des Komforts, welche man verwendet, das bleibt einem selbst \u00fcberlassen.<br \/>\nUnd im Standard-Gewichtsbereich haben wir immer noch eine EN-A-Zertifizierung (f\u00fcr die meisten Gr\u00f6\u00dfen) erreicht, so dass Neulinge den SuSi getrost als ihren ersten Schirm fliegen k\u00f6nnen. \u00dcberraschung, \u00dcberraschung!<\/p>\n<\/div>\n<h4>Konstruktion &amp; Features<\/h4>\n<\/div>\n<\/div>\n<div class=\"et_pb_module et_pb_text et_pb_text_11 et_pb_text_align_left et_pb_bg_layout_light et_had_animation\">\n<div class=\"et_pb_text_inner\">\n<p>\u2013 Zweifach beschichtetes Skytex, doppelte N\u00e4hte, Verst\u00e4rkungsb\u00e4nder an den Kanten und NEU Nose-Scratch-Patch (eine Verst\u00e4rkung gegen Durchscheuernan der Nase): Es muss robust sein!<br \/>\n\u2013 Ausgestattet mit unummantelten Leinen aus Aramid, farbig sortiert (Edelrid 8001U)<br \/>\n\u2013 Shark-Nose mit Nitinol-St\u00e4bchen sparen nicht nur Gewicht und machen den Schirm robuster, sondern erm\u00f6glichen auch ein super kompaktes Packma\u00df\u2026 Damit sie noch leichter in deinen kleinen Rucksack passt.<br \/>\n\u2013 Befestigungsschlaufen an der Eintrittskante k\u00f6nnen verwendet werden, um zu verhindern, dass der Gleitschirm auf steilem oder rutschigen Untergrund (Schnee) wegrutscht.<br \/>\n\u2013 Nahtlose, rasiermesserscharfe Hinterkante: Alle N\u00e4hte sind innenliegend f\u00fcr ein glattes Ober- und Untersegel.<br \/>\n\u2013 Wahlweise bequeme 12 mm Aramid- oder Superlight Dyneema-Tragegurte.<br \/>\n\u2013 Neues BC-Tragegurt-Steuerung f\u00fcr bessere Kontrolle und Stabilit\u00e4t bei hohen Geschwindigkeiten.<\/p>\n<p><a href=\"https:\/\/ad-gliders.com\/project\/susi-4-superlight4all\/#\">Technische Daten<\/a><\/p>\n<p>SuSi 4 ist von A bis D zertifiziert und deckt somit alle Arten von Bed\u00fcrfnissen, Pilotenf\u00e4higkeiten und Vorhaben ab. Und dass mit EN-A f\u00fcr die Gr\u00f6\u00dfen 18, 21, 23 &amp; 26 und EN-B f\u00fcr 14 &amp; 16 (im Standard-Gewichtsbereich). Schau einfach in unsere Tabellen, um die, f\u00fcr Dich, Passende zu finden!<\/p>\n<div class=\"et_pb_all_tabs\">\n<div class=\"et_pb_tab et_pb_tab_0 clearfix et_pb_active_content et-pb-active-slide\">\n<div class=\"et_pb_tab_content\">\n<div id=\"tablepress-94_wrapper\" class=\"dt-container dt-empty-footer\">\n<div class=\"dt-layout-row\"><\/div>\n<div class=\"dt-layout-row dt-layout-table\">\n<div class=\"dt-layout-cell dt-layout-full\">\n<div class=\"dt-scroll\">\n<div class=\"dt-scroll-head\">\n<div class=\"dt-scroll-headInner\">\n<table class=\"tablepress tablepress-id-94 glide glide4 dataTable\">\n<thead>\n<tr class=\"row-1\">\n<th class=\"column-1 dt-orderable-none\" colspan=\"1\" rowspan=\"1\" data-dt-column=\"0\"><span class=\"dt-column-title\">Gr\u00f6\u00dfe\u00a0 \u00a0<\/span><\/th>\n<th class=\"column-2 dt-orderable-none\" colspan=\"1\" rowspan=\"1\" data-dt-column=\"1\"><span class=\"dt-column-title\">14<\/span><\/th>\n<th class=\"column-3 dt-orderable-none\" colspan=\"1\" rowspan=\"1\" data-dt-column=\"2\"><span class=\"dt-column-title\">16<\/span><\/th>\n<th class=\"column-4 dt-orderable-none\" colspan=\"1\" rowspan=\"1\" data-dt-column=\"3\"><span class=\"dt-column-title\">18<\/span><\/th>\n<th class=\"column-5 dt-orderable-none\" colspan=\"1\" rowspan=\"1\" data-dt-column=\"4\"><span class=\"dt-column-title\">21<\/span><\/th>\n<th class=\"column-6 dt-orderable-none\" colspan=\"1\" rowspan=\"1\" data-dt-column=\"5\"><span class=\"dt-column-title\">23<\/span><\/th>\n<th class=\"column-7 dt-orderable-none\" colspan=\"1\" rowspan=\"1\" data-dt-column=\"6\"><span class=\"dt-column-title\">26<\/span><\/th>\n<\/tr>\n<\/thead>\n<colgroup>\n<col data-dt-column=\"0\" \/>\n<col data-dt-column=\"1\" \/>\n<col data-dt-column=\"2\" \/>\n<col data-dt-column=\"3\" \/>\n<col data-dt-column=\"4\" \/>\n<col data-dt-column=\"5\" \/>\n<col data-dt-column=\"6\" \/><\/colgroup>\n<\/table>\n<\/div>\n<\/div>\n<div class=\"dt-scroll-body\">\n<table id=\"tablepress-94\" class=\"tablepress tablepress-id-94 glide glide4 dataTable\">\n<colgroup>\n<col data-dt-column=\"0\" \/>\n<col data-dt-column=\"1\" \/>\n<col data-dt-column=\"2\" \/>\n<col data-dt-column=\"3\" \/>\n<col data-dt-column=\"4\" \/>\n<col data-dt-column=\"5\" \/>\n<col data-dt-column=\"6\" \/><\/colgroup>\n<thead>\n<tr class=\"row-1\">\n<th class=\"column-1 dt-orderable-none\" colspan=\"1\" rowspan=\"1\" data-dt-column=\"0\">\n<div class=\"dt-scroll-sizing\"><\/div>\n<\/th>\n<th class=\"column-2 dt-orderable-none\" colspan=\"1\" rowspan=\"1\" data-dt-column=\"1\">\n<div class=\"dt-scroll-sizing\"><\/div>\n<\/th>\n<th class=\"column-3 dt-orderable-none\" colspan=\"1\" rowspan=\"1\" data-dt-column=\"2\">\n<div class=\"dt-scroll-sizing\"><\/div>\n<\/th>\n<th class=\"column-4 dt-orderable-none\" colspan=\"1\" rowspan=\"1\" data-dt-column=\"3\">\n<div class=\"dt-scroll-sizing\"><\/div>\n<\/th>\n<th class=\"column-5 dt-orderable-none\" colspan=\"1\" rowspan=\"1\" data-dt-column=\"4\">\n<div class=\"dt-scroll-sizing\"><\/div>\n<\/th>\n<th class=\"column-6 dt-orderable-none\" colspan=\"1\" rowspan=\"1\" data-dt-column=\"5\">\n<div class=\"dt-scroll-sizing\"><\/div>\n<\/th>\n<th class=\"column-7 dt-orderable-none\" colspan=\"1\" rowspan=\"1\" data-dt-column=\"6\">\n<div class=\"dt-scroll-sizing\"><\/div>\n<\/th>\n<\/tr>\n<\/thead>\n<tbody class=\"row-striping row-hover\">\n<tr class=\"row-2\">\n<td class=\"column-1\">Fl\u00e4che ausgelegt (m2)<\/td>\n<td class=\"column-2\">14,09<\/td>\n<td class=\"column-3\">16,34<\/td>\n<td class=\"column-4\">18,72<\/td>\n<td class=\"column-5\">21,16<\/td>\n<td class=\"column-6\">23,61<\/td>\n<td class=\"column-7\">25,96<\/td>\n<\/tr>\n<tr class=\"row-3\">\n<td class=\"column-1\">Fl\u00e4che projiziert (m2)<\/td>\n<td class=\"column-2\">12,18<\/td>\n<td class=\"column-3\">14,12<\/td>\n<td class=\"column-4\">16,17<\/td>\n<td class=\"column-5\">18,28<\/td>\n<td class=\"column-6\">20,40<\/td>\n<td class=\"column-7\">22,43<\/td>\n<\/tr>\n<tr class=\"row-4\">\n<td class=\"column-1\">Spannweite ausgelegt (m)<\/td>\n<td class=\"column-2\">8,28<\/td>\n<td class=\"column-3\">8,91<\/td>\n<td class=\"column-4\">9,54<\/td>\n<td class=\"column-5\">10,14<\/td>\n<td class=\"column-6\">10,71<\/td>\n<td class=\"column-7\">11,24<\/td>\n<\/tr>\n<tr class=\"row-5\">\n<td class=\"column-1\">Spannweite projiziert (m)<\/td>\n<td class=\"column-2\">6,70<\/td>\n<td class=\"column-3\">7,22<\/td>\n<td class=\"column-4\">7,72<\/td>\n<td class=\"column-5\">8,21<\/td>\n<td class=\"column-6\">8,67<\/td>\n<td class=\"column-7\">9,10<\/td>\n<\/tr>\n<tr class=\"row-6\">\n<td class=\"column-1\">Streckung ausgelegt<\/td>\n<td class=\"column-2\">4,86<\/td>\n<td class=\"column-3\">4,86<\/td>\n<td class=\"column-4\">4,86<\/td>\n<td class=\"column-5\">4,86<\/td>\n<td class=\"column-6\">4,86<\/td>\n<td class=\"column-7\">4,86<\/td>\n<\/tr>\n<tr class=\"row-7\">\n<td class=\"column-1\">Streckung projiziert<\/td>\n<td class=\"column-2\">3,69<\/td>\n<td class=\"column-3\">3,69<\/td>\n<td class=\"column-4\">3,69<\/td>\n<td class=\"column-5\">3,69<\/td>\n<td class=\"column-6\">3,69<\/td>\n<td class=\"column-7\">3,69<\/td>\n<\/tr>\n<tr class=\"row-8\">\n<td class=\"column-1\">Anzahl Zellen<\/td>\n<td class=\"column-2\">34<\/td>\n<td class=\"column-3\">34<\/td>\n<td class=\"column-4\">34<\/td>\n<td class=\"column-5\">34<\/td>\n<td class=\"column-6\">34<\/td>\n<td class=\"column-7\"><\/td>\n<\/tr>\n<tr class=\"row-9\">\n<td class=\"column-1\">Tragegurt<\/td>\n<td class=\"column-2\">Superlight<\/td>\n<td class=\"column-3\">Superlight<\/td>\n<td class=\"column-4\">12mm Aramid<\/td>\n<td class=\"column-5\">12mm Aramid<\/td>\n<td class=\"column-6\">12mm Aramid<\/td>\n<td class=\"column-7\">12mm Aramid<\/td>\n<\/tr>\n<tr class=\"row-10\">\n<td class=\"column-1\">Schirmgewicht (kg)<br \/>\nSuperlight Tragegurt mit Softlinks<\/td>\n<td class=\"column-2\">1,95<\/td>\n<td class=\"column-3\">2,18<\/td>\n<td class=\"column-4\">2,41<\/td>\n<td class=\"column-5\">2,63<\/td>\n<td class=\"column-6\">2,85<\/td>\n<td class=\"column-7\">3,1<\/td>\n<\/tr>\n<tr class=\"row-11\">\n<td class=\"column-1\">Schirmgewicht (kg)<br \/>\n12mm Aramid Tragegurt mit Maillons<\/td>\n<td class=\"column-2\">2,18<\/td>\n<td class=\"column-3\">2,41<\/td>\n<td class=\"column-4\">2,64<\/td>\n<td class=\"column-5\">2,86<\/td>\n<td class=\"column-6\">3,08<\/td>\n<td class=\"column-7\">3,33<\/td>\n<\/tr>\n<tr class=\"row-12\">\n<td class=\"column-1\">Startgewicht (kg) standard<br \/>\nLTF\/EN Kategorie<\/td>\n<td class=\"column-2\">50-60 (B)<\/td>\n<td class=\"column-3\">50-65 (B)<\/td>\n<td class=\"column-4\">50-72 (A)<\/td>\n<td class=\"column-5\">60-83 (A)<\/td>\n<td class=\"column-6\">72-97 (A)<\/td>\n<td class=\"column-7\">85-110 (A)<\/td>\n<\/tr>\n<tr class=\"row-13\">\n<td class=\"column-1\">Startgewicht (kg) erweitert<br \/>\nLTF\/EN Kategorie<\/td>\n<td class=\"column-2\">60-90 (D)<\/td>\n<td class=\"column-3\">65-90 (C)<\/td>\n<td class=\"column-4\">72-90 (B)<\/td>\n<td class=\"column-5\">83-103 (B)<\/td>\n<td class=\"column-6\">97-117 (B)<\/td>\n<td class=\"column-7\">110-125 (B)<\/td>\n<\/tr>\n<\/tbody>\n<\/table>\n<\/div>\n<\/div>\n<\/div>\n<\/div>\n<\/div>\n<\/div>\n<\/div>\n<\/div>\n<\/div>\n<\/div>\n<div class=\"et_pb_module et_pb_text et_pb_text_21 et_pb_text_align_left et_pb_bg_layout_light\">\n<h4 class=\"et_pb_text_inner\">Lieferumfang<\/h4>\n<\/div>\n<div class=\"et_pb_module et_pb_text et_pb_text_22 et_pb_text_align_left et_pb_bg_layout_light\">\n<div class=\"et_pb_text_inner\">\n<ul>\n<li>Gleitschirm<\/li>\n<li><a href=\"https:\/\/swissgliders.ch\/de\/produkt\/airdesign-packsack-airpack-50-50\/\">AirPack 50\/50<\/a><\/li>\n<li>Goodies<\/li>\n<li>Reparaturmaterialien und AirDesign Aufkleber<\/li>\n<\/ul>\n<\/div>\n<\/div>\n<\/div>\n<\/div>\n<\/div>\n<\/div>\n<\/div>\n<\/div>\n<\/div>\n<\/div>\n<\/div>\n<\/div>\n<\/div>\n<\/div>\n<p>Mehr<a href=\"https:\/\/ad-gliders.com\/project\/susi-4-superlight4all\/\"> Infos<\/a><\/p>\n<p>Falls dieser Artikel nicht an Lager ist, wird er f\u00fcr dich bestellt. Lieferfrist auf Anfrage.<\/p>\n","protected":false},"excerpt":{"rendered":"<div id=\"readmore\" class=\"et_pb_module et_pb_text et_pb_text_2 et_pb_text_align_left et_pb_bg_layout_light et_had_animation\">\n<div class=\"et_pb_text_inner\">\n<div class=\"et_pb_row et_pb_row_1\">\n<div class=\"et_pb_column et_pb_column_4_4 et_pb_column_1 et_pb_css_mix_blend_mode_passthrough et-last-child\">\n<div class=\"et_pb_module et_pb_text et_pb_text_1 et_pb_text_align_left et_pb_bg_layout_light\">\n<h4 class=\"et_pb_text_inner\">SuSi 4 \u2013 #Superlight4all<\/h4>\n<\/div>\n<\/div>\n<\/div>\n<div class=\"et_pb_row et_pb_row_2\">\n<div class=\"et_pb_column et_pb_column_1_2 et_pb_column_2 et_pb_css_mix_blend_mode_passthrough\">\n<div class=\"et_pb_module et_pb_text et_pb_text_2 et_pb_text_align_left et_pb_bg_layout_light et_had_animation\">\n<div class=\"et_pb_text_inner\">\n<div class=\"et_pb_row et_pb_row_1\">\n<div class=\"et_pb_column et_pb_column_4_4 et_pb_column_1 et_pb_css_mix_blend_mode_passthrough et-last-child\">\n<div class=\"et_pb_module et_pb_text et_pb_text_1 et_pb_text_align_left et_pb_bg_layout_light\">\n<div class=\"et_pb_text_inner\">\n<h4>Von A bis D<br \/>\nM\u00fcde \u00f6ffne ich am Morgen die Vorh\u00e4nge und blicke mit verschlafenen Augen nach drau\u00dfen in die verregnete Landschaft.<\/h4>\n<\/div>\n<\/div>\n<\/div>\n<\/div>\n<div class=\"et_pb_row et_pb_row_2\">\n<div class=\"et_pb_column et_pb_column_1_2 et_pb_column_2 et_pb_css_mix_blend_mode_passthrough\">\n<div class=\"et_pb_module et_pb_text et_pb_text_2 et_pb_text_align_left et_pb_bg_layout_light et_had_animation\">\n<div class=\"et_pb_text_inner\">\n<p>Ein kurzer Espresso bringt mich wieder zur\u00fcck ins Leben und kurzerhand beschlie\u00dfe ich: Ab nach Bassano f\u00fcr ein paar nette Hike&amp;Flys! Im Radio l\u00e4uft Passenger von Siouxsie &amp; The Banshees \u2013 was f\u00fcr ein witziger Zufall! Ich nehme das als lustiges Omen, da ich einen SuSi fliege. \u00dcber Hike&amp;Fly brauche ich dir ja nichts zu erz\u00e4hlen \u2013 das wei\u00dft du selbst ohnehin besser. Ich genie\u00dfe einfach die Natur, das Hiken und den Flug. Das ist mein Style.<\/p>\n<p><img loading=\"lazy\" decoding=\"async\" class=\"\" src=\"https:\/\/ad-gliders.com\/wp-content\/uploads\/2023\/01\/airdesign-16.jpg\" alt=\"undefined\" width=\"882\" height=\"556\" \/><\/p>\n<p><strong>Wie l\u00e4sst sich SuSi 4 beschreiben\u2026<\/strong><\/p>\n<div class=\"et_pb_module et_pb_text et_pb_text_7 et_pb_text_align_left et_pb_bg_layout_light et_had_animation\">\n<div class=\"et_pb_text_inner\">\n<p><strong>\u2026in einem Wort?<\/strong><br \/>\nUnbegrenzt.<\/p>\n<p><strong>\u2026in einem Bild?<\/strong><br \/>\nAll diese SuSi-Passagiere sind so unterschiedlich und haben doch den gleichen Spa\u00df.<\/p>\n<p><strong>\u2026in einem Traum?<\/strong><br \/>\nIch nehme meinen Passagier mit auf eine Weltreise, fliege hoch hinaus, in die Berge, an den D\u00fcnen, zum XC und zu vielem mehr.<\/p>\n<div id=\"konstruktionundfeatures\" class=\"et_pb_module et_pb_text et_pb_text_10 et_pb_text_align_left et_pb_bg_layout_light et_had_animation\">\n<div class=\"et_pb_text_inner\">\n<div id=\"wieersichfliegt\" class=\"et_pb_module et_pb_text et_pb_text_8 et_pb_text_align_left et_pb_bg_layout_light et_had_animation\">\n<div class=\"et_pb_text_inner\">\n<p><em>Und was sagt der Designer?!<\/em><\/p>\n<\/div>\n<\/div>\n<div class=\"et_pb_module et_pb_testimonial et_pb_testimonial_0 clearfix et_pb_text_align_left et_pb_bg_layout_light et_pb_testimonial_no_image\">\n<div class=\"et_pb_testimonial_description\">\n<div class=\"et_pb_testimonial_description_inner\">\n<div class=\"et_pb_testimonial_content\">\n<p><em>Die Geschichte wiederholt sich. Der SUper SImpleGleitschirm geht in seine 4. Generation. Die Entwicklung wird fortgesetzt mit vielen Innovationen wie der BC-Steuerung und der Einstufung im EN-A. Und er bietet immer noch sein ber\u00fchmt-ber\u00fcchtigtes Fluggef\u00fchl. Ich bin begeistert, dass es mir gelungen ist, diesen Schirm neu zu definieren und die Einsatzm\u00f6glichkeiten wieder zu erweitern.<\/em><br \/>\n<em>Ich erinnere mich noch an die erste Generation des SuSi, die keine Zulassung hatte (nur den Lasttest). Ich habe ihn nur f\u00fcr mich selbst gebaut, weil ich einen Schirm f\u00fcr hike&amp;fly wollte, der leicht, einfach aber leistungsf\u00e4hig sein sollte.<\/em><\/p>\n<p><em>Heute bietet er immer noch sein typisches Fluggef\u00fchl, er ist robuster denn je, und Piloten auf der ganzen Welt k\u00f6nnen sich auf den SuSi verlassen, wie sie es seit so vielen Jahren tun!<\/em><\/p>\n<p>Stephan Stiegler<br \/>\nDesigner<\/p>\n<\/div>\n<\/div>\n<\/div>\n<\/div>\n<h5 class=\"et_pb_toggle_title\">Was ist Neu?<\/h5>\n<div class=\"et_pb_toggle_content clearfix\">\n<p>Nicht so viel vom Charakter aber in den Konstruktionsdetails eine Menge!<br \/>\nDas SuSi-Konzept wurde verbessert, der Schirm f\u00fchlt sich insgesamt ausgewogener an. Das Startverhalten ist sogar verbessert (ja!), das Rollen ist kontrollierter. Voll beschleunigt ist die Kappe stabiler geworden und auch schneller.<br \/>\nSie hat eine voll funktionsf\u00e4hige BC-Tragegurt-Steuerung mit Light- oder Superlight-Tragegurten \u2013 es ist \u00fcbrigens eine Frage des Gewichts oder des Komforts, welche man verwendet, das bleibt einem selbst \u00fcberlassen.<br \/>\nUnd im Standard-Gewichtsbereich haben wir immer noch eine EN-A-Zertifizierung (f\u00fcr die meisten Gr\u00f6\u00dfen) erreicht, so dass Neulinge den SuSi getrost als ihren ersten Schirm fliegen k\u00f6nnen. \u00dcberraschung, \u00dcberraschung!<\/p>\n<\/div>\n<h4>Konstruktion &amp; Features<\/h4>\n<\/div>\n<\/div>\n<div class=\"et_pb_module et_pb_text et_pb_text_11 et_pb_text_align_left et_pb_bg_layout_light et_had_animation\">\n<div class=\"et_pb_text_inner\">\n<p>\u2013 Zweifach beschichtetes Skytex, doppelte N\u00e4hte, Verst\u00e4rkungsb\u00e4nder an den Kanten und NEU Nose-Scratch-Patch (eine Verst\u00e4rkung gegen Durchscheuernan der Nase): Es muss robust sein!<br \/>\n\u2013 Ausgestattet mit unummantelten Leinen aus Aramid, farbig sortiert (Edelrid 8001U)<br \/>\n\u2013 Shark-Nose mit Nitinol-St\u00e4bchen sparen nicht nur Gewicht und machen den Schirm robuster, sondern erm\u00f6glichen auch ein super kompaktes Packma\u00df\u2026 Damit sie noch leichter in deinen kleinen Rucksack passt.<br \/>\n\u2013 Befestigungsschlaufen an der Eintrittskante k\u00f6nnen verwendet werden, um zu verhindern, dass der Gleitschirm auf steilem oder rutschigen Untergrund (Schnee) wegrutscht.<br \/>\n\u2013 Nahtlose, rasiermesserscharfe Hinterkante: Alle N\u00e4hte sind innenliegend f\u00fcr ein glattes Ober- und Untersegel.<br \/>\n\u2013 Wahlweise bequeme 12 mm Aramid- oder Superlight Dyneema-Tragegurte.<br \/>\n\u2013 Neues BC-Tragegurt-Steuerung f\u00fcr bessere Kontrolle und Stabilit\u00e4t bei hohen Geschwindigkeiten.<\/p>\n<p><a href=\"https:\/\/ad-gliders.com\/project\/susi-4-superlight4all\/#\">Technische Daten<\/a><\/p>\n<p>SuSi 4 ist von A bis D zertifiziert und deckt somit alle Arten von Bed\u00fcrfnissen, Pilotenf\u00e4higkeiten und Vorhaben ab. Und dass mit EN-A f\u00fcr die Gr\u00f6\u00dfen 18, 21, 23 &amp; 26 und EN-B f\u00fcr 14 &amp; 16 (im Standard-Gewichtsbereich). Schau einfach in unsere Tabellen, um die, f\u00fcr Dich, Passende zu finden!<\/p>\n<div class=\"et_pb_all_tabs\">\n<div class=\"et_pb_tab et_pb_tab_0 clearfix et_pb_active_content et-pb-active-slide\">\n<div class=\"et_pb_tab_content\">\n<div id=\"tablepress-94_wrapper\" class=\"dt-container dt-empty-footer\">\n<div class=\"dt-layout-row\"><\/div>\n<div class=\"dt-layout-row dt-layout-table\">\n<div class=\"dt-layout-cell dt-layout-full\">\n<div class=\"dt-scroll\">\n<div class=\"dt-scroll-head\">\n<div class=\"dt-scroll-headInner\">\n<table class=\"tablepress tablepress-id-94 glide glide4 dataTable\">\n<thead>\n<tr class=\"row-1\">\n<th class=\"column-1 dt-orderable-none\" colspan=\"1\" rowspan=\"1\" data-dt-column=\"0\"><span class=\"dt-column-title\">Gr\u00f6\u00dfe\u00a0 \u00a0<\/span><\/th>\n<th class=\"column-2 dt-orderable-none\" colspan=\"1\" rowspan=\"1\" data-dt-column=\"1\"><span class=\"dt-column-title\">14<\/span><\/th>\n<th class=\"column-3 dt-orderable-none\" colspan=\"1\" rowspan=\"1\" data-dt-column=\"2\"><span class=\"dt-column-title\">16<\/span><\/th>\n<th class=\"column-4 dt-orderable-none\" colspan=\"1\" rowspan=\"1\" data-dt-column=\"3\"><span class=\"dt-column-title\">18<\/span><\/th>\n<th class=\"column-5 dt-orderable-none\" colspan=\"1\" rowspan=\"1\" data-dt-column=\"4\"><span class=\"dt-column-title\">21<\/span><\/th>\n<th class=\"column-6 dt-orderable-none\" colspan=\"1\" rowspan=\"1\" data-dt-column=\"5\"><span class=\"dt-column-title\">23<\/span><\/th>\n<th class=\"column-7 dt-orderable-none\" colspan=\"1\" rowspan=\"1\" data-dt-column=\"6\"><span class=\"dt-column-title\">26<\/span><\/th>\n<\/tr>\n<\/thead>\n<colgroup>\n<col data-dt-column=\"0\" \/>\n<col data-dt-column=\"1\" \/>\n<col data-dt-column=\"2\" \/>\n<col data-dt-column=\"3\" \/>\n<col data-dt-column=\"4\" \/>\n<col data-dt-column=\"5\" \/>\n<col data-dt-column=\"6\" \/><\/colgroup>\n<\/table>\n<\/div>\n<\/div>\n<div class=\"dt-scroll-body\">\n<table id=\"tablepress-94\" class=\"tablepress tablepress-id-94 glide glide4 dataTable\">\n<colgroup>\n<col data-dt-column=\"0\" \/>\n<col data-dt-column=\"1\" \/>\n<col data-dt-column=\"2\" \/>\n<col data-dt-column=\"3\" \/>\n<col data-dt-column=\"4\" \/>\n<col data-dt-column=\"5\" \/>\n<col data-dt-column=\"6\" \/><\/colgroup>\n<thead>\n<tr class=\"row-1\">\n<th class=\"column-1 dt-orderable-none\" colspan=\"1\" rowspan=\"1\" data-dt-column=\"0\">\n<div class=\"dt-scroll-sizing\"><\/div>\n<\/th>\n<th class=\"column-2 dt-orderable-none\" colspan=\"1\" rowspan=\"1\" data-dt-column=\"1\">\n<div class=\"dt-scroll-sizing\"><\/div>\n<\/th>\n<th class=\"column-3 dt-orderable-none\" colspan=\"1\" rowspan=\"1\" data-dt-column=\"2\">\n<div class=\"dt-scroll-sizing\"><\/div>\n<\/th>\n<th class=\"column-4 dt-orderable-none\" colspan=\"1\" rowspan=\"1\" data-dt-column=\"3\">\n<div class=\"dt-scroll-sizing\"><\/div>\n<\/th>\n<th class=\"column-5 dt-orderable-none\" colspan=\"1\" rowspan=\"1\" data-dt-column=\"4\">\n<div class=\"dt-scroll-sizing\"><\/div>\n<\/th>\n<th class=\"column-6 dt-orderable-none\" colspan=\"1\" rowspan=\"1\" data-dt-column=\"5\">\n<div class=\"dt-scroll-sizing\"><\/div>\n<\/th>\n<th class=\"column-7 dt-orderable-none\" colspan=\"1\" rowspan=\"1\" data-dt-column=\"6\">\n<div class=\"dt-scroll-sizing\"><\/div>\n<\/th>\n<\/tr>\n<\/thead>\n<tbody class=\"row-striping row-hover\">\n<tr class=\"row-2\">\n<td class=\"column-1\">Fl\u00e4che ausgelegt (m2)<\/td>\n<td class=\"column-2\">14,09<\/td>\n<td class=\"column-3\">16,34<\/td>\n<td class=\"column-4\">18,72<\/td>\n<td class=\"column-5\">21,16<\/td>\n<td class=\"column-6\">23,61<\/td>\n<td class=\"column-7\">25,96<\/td>\n<\/tr>\n<tr class=\"row-3\">\n<td class=\"column-1\">Fl\u00e4che projiziert (m2)<\/td>\n<td class=\"column-2\">12,18<\/td>\n<td class=\"column-3\">14,12<\/td>\n<td class=\"column-4\">16,17<\/td>\n<td class=\"column-5\">18,28<\/td>\n<td class=\"column-6\">20,40<\/td>\n<td class=\"column-7\">22,43<\/td>\n<\/tr>\n<tr class=\"row-4\">\n<td class=\"column-1\">Spannweite ausgelegt (m)<\/td>\n<td class=\"column-2\">8,28<\/td>\n<td class=\"column-3\">8,91<\/td>\n<td class=\"column-4\">9,54<\/td>\n<td class=\"column-5\">10,14<\/td>\n<td class=\"column-6\">10,71<\/td>\n<td class=\"column-7\">11,24<\/td>\n<\/tr>\n<tr class=\"row-5\">\n<td class=\"column-1\">Spannweite projiziert (m)<\/td>\n<td class=\"column-2\">6,70<\/td>\n<td class=\"column-3\">7,22<\/td>\n<td class=\"column-4\">7,72<\/td>\n<td class=\"column-5\">8,21<\/td>\n<td class=\"column-6\">8,67<\/td>\n<td class=\"column-7\">9,10<\/td>\n<\/tr>\n<tr class=\"row-6\">\n<td class=\"column-1\">Streckung ausgelegt<\/td>\n<td class=\"column-2\">4,86<\/td>\n<td class=\"column-3\">4,86<\/td>\n<td class=\"column-4\">4,86<\/td>\n<td class=\"column-5\">4,86<\/td>\n<td class=\"column-6\">4,86<\/td>\n<td class=\"column-7\">4,86<\/td>\n<\/tr>\n<tr class=\"row-7\">\n<td class=\"column-1\">Streckung projiziert<\/td>\n<td class=\"column-2\">3,69<\/td>\n<td class=\"column-3\">3,69<\/td>\n<td class=\"column-4\">3,69<\/td>\n<td class=\"column-5\">3,69<\/td>\n<td class=\"column-6\">3,69<\/td>\n<td class=\"column-7\">3,69<\/td>\n<\/tr>\n<tr class=\"row-8\">\n<td class=\"column-1\">Anzahl Zellen<\/td>\n<td class=\"column-2\">34<\/td>\n<td class=\"column-3\">34<\/td>\n<td class=\"column-4\">34<\/td>\n<td class=\"column-5\">34<\/td>\n<td class=\"column-6\">34<\/td>\n<td class=\"column-7\"><\/td>\n<\/tr>\n<tr class=\"row-9\">\n<td class=\"column-1\">Tragegurt<\/td>\n<td class=\"column-2\">Superlight<\/td>\n<td class=\"column-3\">Superlight<\/td>\n<td class=\"column-4\">12mm Aramid<\/td>\n<td class=\"column-5\">12mm Aramid<\/td>\n<td class=\"column-6\">12mm Aramid<\/td>\n<td class=\"column-7\">12mm Aramid<\/td>\n<\/tr>\n<tr class=\"row-10\">\n<td class=\"column-1\">Schirmgewicht (kg)<br \/>\nSuperlight Tragegurt mit Softlinks<\/td>\n<td class=\"column-2\">1,95<\/td>\n<td class=\"column-3\">2,18<\/td>\n<td class=\"column-4\">2,41<\/td>\n<td class=\"column-5\">2,63<\/td>\n<td class=\"column-6\">2,85<\/td>\n<td class=\"column-7\">3,1<\/td>\n<\/tr>\n<tr class=\"row-11\">\n<td class=\"column-1\">Schirmgewicht (kg)<br \/>\n12mm Aramid Tragegurt mit Maillons<\/td>\n<td class=\"column-2\">2,18<\/td>\n<td class=\"column-3\">2,41<\/td>\n<td class=\"column-4\">2,64<\/td>\n<td class=\"column-5\">2,86<\/td>\n<td class=\"column-6\">3,08<\/td>\n<td class=\"column-7\">3,33<\/td>\n<\/tr>\n<tr class=\"row-12\">\n<td class=\"column-1\">Startgewicht (kg) standard<br \/>\nLTF\/EN Kategorie<\/td>\n<td class=\"column-2\">50-60 (B)<\/td>\n<td class=\"column-3\">50-65 (B)<\/td>\n<td class=\"column-4\">50-72 (A)<\/td>\n<td class=\"column-5\">60-83 (A)<\/td>\n<td class=\"column-6\">72-97 (A)<\/td>\n<td class=\"column-7\">85-110 (A)<\/td>\n<\/tr>\n<tr class=\"row-13\">\n<td class=\"column-1\">Startgewicht (kg) erweitert<br \/>\nLTF\/EN Kategorie<\/td>\n<td class=\"column-2\">60-90 (D)<\/td>\n<td class=\"column-3\">65-90 (C)<\/td>\n<td class=\"column-4\">72-90 (B)<\/td>\n<td class=\"column-5\">83-103 (B)<\/td>\n<td class=\"column-6\">97-117 (B)<\/td>\n<td class=\"column-7\">110-125 (B)<\/td>\n<\/tr>\n<\/tbody>\n<\/table>\n<\/div>\n<\/div>\n<\/div>\n<\/div>\n<\/div>\n<\/div>\n<\/div>\n<\/div>\n<\/div>\n<\/div>\n<div class=\"et_pb_module et_pb_text et_pb_text_21 et_pb_text_align_left et_pb_bg_layout_light\">\n<h4 class=\"et_pb_text_inner\">Lieferumfang<\/h4>\n<\/div>\n<div class=\"et_pb_module et_pb_text et_pb_text_22 et_pb_text_align_left et_pb_bg_layout_light\">\n<div class=\"et_pb_text_inner\">\n<ul>\n<li>Gleitschirm<\/li>\n<li><a href=\"https:\/\/swissgliders.ch\/de\/produkt\/airdesign-packsack-airpack-50-50\/\">AirPack 50\/50<\/a><\/li>\n<li>Goodies<\/li>\n<li>Reparaturmaterialien und AirDesign Aufkleber<\/li>\n<\/ul>\n<\/div>\n<\/div>\n<\/div>\n<\/div>\n<\/div>\n<\/div>\n<\/div>\n<\/div>\n<\/div>\n<\/div>\n<\/div>\n<\/div>\n<\/div>\n<\/div>\n<p>Mehr<a href=\"https:\/\/ad-gliders.com\/project\/susi-4-superlight4all\/\"> Infos<\/a><\/p>\n<p>Falls dieser Artikel nicht an Lager ist, wird er f\u00fcr dich bestellt. Lieferfrist auf Anfrage.<\/p>\n","protected":false},"featured_media":9892,"comment_status":"closed","ping_status":"closed","template":"","meta":[],"product_brand":[],"product_cat":[86,1293],"product_tag":[917,1295,90],"class_list":{"0":"post-4134","1":"product","2":"type-product","3":"status-publish","4":"has-post-thumbnail","6":"product_cat-gleitschirme","7":"product_cat-leichte-gleitschirme","8":"product_tag-gleitschirm","9":"product_tag-leichtschirm","10":"product_tag-verkaufsartikel","12":"first","13":"instock","14":"sale","15":"taxable","16":"shipping-taxable","17":"purchasable","18":"product-type-variable"},"yoast_head":"<!-- This site is optimized with the Yoast SEO Premium plugin v26.1 (Yoast SEO v27.5) - https:\/\/yoast.com\/product\/yoast-seo-premium-wordpress\/ -->\n<title>AirDesign SuSi 4 EN-A-D | Gleitschirmschule Thun, Bern, Interlaken<\/title>\n<meta name=\"description\" content=\"Der Air Design SuSi 4 \u2013 #Superlight4all Gleitschirm einen Schirm f\u00fcr hike&amp;fly der leicht, einfach aber leistungsf\u00e4hig ist. Das SuSi-Konzept wurde verbessert, der Schirm f\u00fchlt sich insgesamt ausgewogener an. Das Startverhalten ist sogar verbessert (ja!), das Rollen ist kontrollierter. Voll beschleunigt ist die Kappe stabiler geworden und auch schneller.Sie hat eine voll funktionsf\u00e4hige BC-Tragegurt-Steuerung mit Light- oder Superlight-Tragegurten \u2013 es ist \u00fcbrigens eine Frage des Gewichts oder des Komforts, welche man verwendet, das bleibt einem selbst \u00fcberlassen.Und im Standard-Gewichtsbereich haben wir immer noch eine EN-A-Zertifizierung (f\u00fcr die meisten Gr\u00f6\u00dfen) erreicht, so dass Neulinge den SuSi getrost als ihren ersten Schirm fliegen k\u00f6nnen.\" \/>\n<meta name=\"robots\" content=\"index, follow, max-snippet:-1, max-image-preview:large, max-video-preview:-1\" \/>\n<link rel=\"canonical\" href=\"https:\/\/swissgliders.ch\/de\/produkt\/airdesign-susi-4-en-a-d\/\" \/>\n<meta property=\"og:locale\" content=\"de_DE\" \/>\n<meta property=\"og:type\" content=\"article\" \/>\n<meta property=\"og:title\" content=\"AirDesign SuSi 4 EN-A-D\" \/>\n<meta property=\"og:description\" content=\"Der Air Design SuSi 4 \u2013 #Superlight4all Gleitschirm einen Schirm f\u00fcr hike&amp;fly der leicht, einfach aber leistungsf\u00e4hig ist. Das SuSi-Konzept wurde verbessert, der Schirm f\u00fchlt sich insgesamt ausgewogener an. Das Startverhalten ist sogar verbessert (ja!), das Rollen ist kontrollierter. Voll beschleunigt ist die Kappe stabiler geworden und auch schneller.Sie hat eine voll funktionsf\u00e4hige BC-Tragegurt-Steuerung mit Light- oder Superlight-Tragegurten \u2013 es ist \u00fcbrigens eine Frage des Gewichts oder des Komforts, welche man verwendet, das bleibt einem selbst \u00fcberlassen.Und im Standard-Gewichtsbereich haben wir immer noch eine EN-A-Zertifizierung (f\u00fcr die meisten Gr\u00f6\u00dfen) erreicht, so dass Neulinge den SuSi getrost als ihren ersten Schirm fliegen k\u00f6nnen.\" \/>\n<meta property=\"og:url\" content=\"https:\/\/swissgliders.ch\/de\/produkt\/airdesign-susi-4-en-a-d\/\" \/>\n<meta property=\"og:site_name\" content=\"Gleitschirmschule Thun, Bern, Interlaken\" \/>\n<meta property=\"article:publisher\" content=\"https:\/\/www.facebook.com\/swissgliders\" \/>\n<meta property=\"article:modified_time\" content=\"2025-06-10T16:31:11+00:00\" \/>\n<meta property=\"og:image\" content=\"https:\/\/swissgliders.ch\/wp-content\/uploads\/2020\/01\/AD_Gleitschirm_Susi4-1.jpg\" \/>\n\t<meta property=\"og:image:width\" content=\"1280\" \/>\n\t<meta property=\"og:image:height\" content=\"807\" \/>\n\t<meta property=\"og:image:type\" content=\"image\/jpeg\" \/>\n<meta name=\"twitter:card\" content=\"summary_large_image\" \/>\n<meta name=\"twitter:site\" content=\"@Swissgliders\" \/>\n<meta name=\"twitter:label1\" content=\"Verf\u00fcgbarkeit\" \/>\n\t<meta name=\"twitter:data1\" content=\"Auf Lager\" \/>\n<script type=\"application\/ld+json\" class=\"yoast-schema-graph\">{\"@context\":\"https:\\\/\\\/schema.org\",\"@graph\":[{\"@type\":\"WebPage\",\"@id\":\"https:\\\/\\\/swissgliders.ch\\\/de\\\/produkt\\\/airdesign-susi-4-en-a-d\\\/\",\"url\":\"https:\\\/\\\/swissgliders.ch\\\/de\\\/produkt\\\/airdesign-susi-4-en-a-d\\\/\",\"name\":\"AirDesign SuSi 4 EN-A-D | Gleitschirmschule Thun, Bern, Interlaken\",\"isPartOf\":{\"@id\":\"https:\\\/\\\/swissgliders.ch\\\/de\\\/#website\"},\"primaryImageOfPage\":{\"@id\":\"https:\\\/\\\/swissgliders.ch\\\/de\\\/produkt\\\/airdesign-susi-4-en-a-d\\\/#primaryimage\"},\"image\":{\"@id\":\"https:\\\/\\\/swissgliders.ch\\\/de\\\/produkt\\\/airdesign-susi-4-en-a-d\\\/#primaryimage\"},\"thumbnailUrl\":\"https:\\\/\\\/swissgliders.ch\\\/wp-content\\\/uploads\\\/2020\\\/01\\\/AD_Gleitschirm_Susi4-1.jpg\",\"datePublished\":\"2020-01-21T20:18:48+00:00\",\"dateModified\":\"2025-06-10T16:31:11+00:00\",\"description\":\"Der Air Design SuSi 4 \u2013 #Superlight4all Gleitschirm einen Schirm f\u00fcr hike&fly der leicht, einfach aber leistungsf\u00e4hig ist. Das SuSi-Konzept wurde verbessert, der Schirm f\u00fchlt sich insgesamt ausgewogener an. Das Startverhalten ist sogar verbessert (ja!), das Rollen ist kontrollierter. Voll beschleunigt ist die Kappe stabiler geworden und auch schneller.Sie hat eine voll funktionsf\u00e4hige BC-Tragegurt-Steuerung mit Light- oder Superlight-Tragegurten \u2013 es ist \u00fcbrigens eine Frage des Gewichts oder des Komforts, welche man verwendet, das bleibt einem selbst \u00fcberlassen.Und im Standard-Gewichtsbereich haben wir immer noch eine EN-A-Zertifizierung (f\u00fcr die meisten Gr\u00f6\u00dfen) erreicht, so dass Neulinge den SuSi getrost als ihren ersten Schirm fliegen k\u00f6nnen.\",\"breadcrumb\":{\"@id\":\"https:\\\/\\\/swissgliders.ch\\\/de\\\/produkt\\\/airdesign-susi-4-en-a-d\\\/#breadcrumb\"},\"inLanguage\":\"de\",\"potentialAction\":[{\"@type\":\"ReadAction\",\"target\":[\"https:\\\/\\\/swissgliders.ch\\\/de\\\/produkt\\\/airdesign-susi-4-en-a-d\\\/\"]}]},{\"@type\":\"ImageObject\",\"inLanguage\":\"de\",\"@id\":\"https:\\\/\\\/swissgliders.ch\\\/de\\\/produkt\\\/airdesign-susi-4-en-a-d\\\/#primaryimage\",\"url\":\"https:\\\/\\\/swissgliders.ch\\\/wp-content\\\/uploads\\\/2020\\\/01\\\/AD_Gleitschirm_Susi4-1.jpg\",\"contentUrl\":\"https:\\\/\\\/swissgliders.ch\\\/wp-content\\\/uploads\\\/2020\\\/01\\\/AD_Gleitschirm_Susi4-1.jpg\",\"width\":1280,\"height\":807,\"caption\":\"AD_Gleitschirm_Susi4-1\"},{\"@type\":\"BreadcrumbList\",\"@id\":\"https:\\\/\\\/swissgliders.ch\\\/de\\\/produkt\\\/airdesign-susi-4-en-a-d\\\/#breadcrumb\",\"itemListElement\":[{\"@type\":\"ListItem\",\"position\":1,\"name\":\"Startseite\",\"item\":\"https:\\\/\\\/swissgliders.ch\\\/de\\\/willkommen\\\/\"},{\"@type\":\"ListItem\",\"position\":2,\"name\":\"Gleitschirm Shop\",\"item\":\"https:\\\/\\\/swissgliders.ch\\\/de\\\/gleitschirm-shop\\\/\"},{\"@type\":\"ListItem\",\"position\":3,\"name\":\"AirDesign SuSi 4 EN-A-D\"}]},{\"@type\":\"WebSite\",\"@id\":\"https:\\\/\\\/swissgliders.ch\\\/de\\\/#website\",\"url\":\"https:\\\/\\\/swissgliders.ch\\\/de\\\/\",\"name\":\"Gleitschirmschule Thun, Bern, Interlaken\",\"description\":\"Gleitschirmschule Thun, Bern, Interlaken\",\"publisher\":{\"@id\":\"https:\\\/\\\/swissgliders.ch\\\/de\\\/#organization\"},\"potentialAction\":[{\"@type\":\"SearchAction\",\"target\":{\"@type\":\"EntryPoint\",\"urlTemplate\":\"https:\\\/\\\/swissgliders.ch\\\/de\\\/?s={search_term_string}\"},\"query-input\":{\"@type\":\"PropertyValueSpecification\",\"valueRequired\":true,\"valueName\":\"search_term_string\"}}],\"inLanguage\":\"de\"},{\"@type\":\"Organization\",\"@id\":\"https:\\\/\\\/swissgliders.ch\\\/de\\\/#organization\",\"name\":\"Swissgliders Gleitschirmflugschule Thun\",\"url\":\"https:\\\/\\\/swissgliders.ch\\\/de\\\/\",\"logo\":{\"@type\":\"ImageObject\",\"inLanguage\":\"de\",\"@id\":\"https:\\\/\\\/swissgliders.ch\\\/de\\\/#\\\/schema\\\/logo\\\/image\\\/\",\"url\":\"https:\\\/\\\/swissgliders.ch\\\/wp-content\\\/uploads\\\/2019\\\/12\\\/swissgliders-logo-rgb-square-L-no-ch-01.png\",\"contentUrl\":\"https:\\\/\\\/swissgliders.ch\\\/wp-content\\\/uploads\\\/2019\\\/12\\\/swissgliders-logo-rgb-square-L-no-ch-01.png\",\"width\":2500,\"height\":2500,\"caption\":\"Swissgliders Gleitschirmflugschule Thun\"},\"image\":{\"@id\":\"https:\\\/\\\/swissgliders.ch\\\/de\\\/#\\\/schema\\\/logo\\\/image\\\/\"},\"sameAs\":[\"https:\\\/\\\/www.facebook.com\\\/swissgliders\",\"https:\\\/\\\/x.com\\\/Swissgliders\",\"https:\\\/\\\/www.instagram.com\\\/swissgliders\\\/\",\"https:\\\/\\\/www.youtube.com\\\/channel\\\/UCMCtGdepy9vBhrhX3V_oJOA\"],\"hasMerchantReturnPolicy\":{\"@type\":\"MerchantReturnPolicy\",\"merchantReturnLink\":\"https:\\\/\\\/swissgliders.ch\\\/de\\\/allgemeine-geschaftsbedingungen\\\/\"}}]}<\/script>\n<meta property=\"og:availability\" content=\"instock\" \/>\n<meta property=\"product:availability\" content=\"instock\" \/>\n<meta property=\"product:condition\" content=\"new\" \/>\n<!-- \/ Yoast SEO Premium plugin. -->","yoast_head_json":{"title":"AirDesign SuSi 4 EN-A-D | Gleitschirmschule Thun, Bern, Interlaken","description":"Der Air Design SuSi 4 \u2013 #Superlight4all Gleitschirm einen Schirm f\u00fcr hike&fly der leicht, einfach aber leistungsf\u00e4hig ist. Das SuSi-Konzept wurde verbessert, der Schirm f\u00fchlt sich insgesamt ausgewogener an. Das Startverhalten ist sogar verbessert (ja!), das Rollen ist kontrollierter. Voll beschleunigt ist die Kappe stabiler geworden und auch schneller.Sie hat eine voll funktionsf\u00e4hige BC-Tragegurt-Steuerung mit Light- oder Superlight-Tragegurten \u2013 es ist \u00fcbrigens eine Frage des Gewichts oder des Komforts, welche man verwendet, das bleibt einem selbst \u00fcberlassen.Und im Standard-Gewichtsbereich haben wir immer noch eine EN-A-Zertifizierung (f\u00fcr die meisten Gr\u00f6\u00dfen) erreicht, so dass Neulinge den SuSi getrost als ihren ersten Schirm fliegen k\u00f6nnen.","robots":{"index":"index","follow":"follow","max-snippet":"max-snippet:-1","max-image-preview":"max-image-preview:large","max-video-preview":"max-video-preview:-1"},"canonical":"https:\/\/swissgliders.ch\/de\/produkt\/airdesign-susi-4-en-a-d\/","og_locale":"de_DE","og_type":"article","og_title":"AirDesign SuSi 4 EN-A-D","og_description":"Der Air Design SuSi 4 \u2013 #Superlight4all Gleitschirm einen Schirm f\u00fcr hike&fly der leicht, einfach aber leistungsf\u00e4hig ist. Das SuSi-Konzept wurde verbessert, der Schirm f\u00fchlt sich insgesamt ausgewogener an. Das Startverhalten ist sogar verbessert (ja!), das Rollen ist kontrollierter. Voll beschleunigt ist die Kappe stabiler geworden und auch schneller.Sie hat eine voll funktionsf\u00e4hige BC-Tragegurt-Steuerung mit Light- oder Superlight-Tragegurten \u2013 es ist \u00fcbrigens eine Frage des Gewichts oder des Komforts, welche man verwendet, das bleibt einem selbst \u00fcberlassen.Und im Standard-Gewichtsbereich haben wir immer noch eine EN-A-Zertifizierung (f\u00fcr die meisten Gr\u00f6\u00dfen) erreicht, so dass Neulinge den SuSi getrost als ihren ersten Schirm fliegen k\u00f6nnen.","og_url":"https:\/\/swissgliders.ch\/de\/produkt\/airdesign-susi-4-en-a-d\/","og_site_name":"Gleitschirmschule Thun, Bern, Interlaken","article_publisher":"https:\/\/www.facebook.com\/swissgliders","article_modified_time":"2025-06-10T16:31:11+00:00","og_image":[{"width":1280,"height":807,"url":"https:\/\/swissgliders.ch\/wp-content\/uploads\/2020\/01\/AD_Gleitschirm_Susi4-1.jpg","type":"image\/jpeg"}],"twitter_card":"summary_large_image","twitter_site":"@Swissgliders","twitter_misc":{"Verf\u00fcgbarkeit":"Auf Lager"},"schema":{"@context":"https:\/\/schema.org","@graph":[{"@type":"WebPage","@id":"https:\/\/swissgliders.ch\/de\/produkt\/airdesign-susi-4-en-a-d\/","url":"https:\/\/swissgliders.ch\/de\/produkt\/airdesign-susi-4-en-a-d\/","name":"AirDesign SuSi 4 EN-A-D | Gleitschirmschule Thun, Bern, Interlaken","isPartOf":{"@id":"https:\/\/swissgliders.ch\/de\/#website"},"primaryImageOfPage":{"@id":"https:\/\/swissgliders.ch\/de\/produkt\/airdesign-susi-4-en-a-d\/#primaryimage"},"image":{"@id":"https:\/\/swissgliders.ch\/de\/produkt\/airdesign-susi-4-en-a-d\/#primaryimage"},"thumbnailUrl":"https:\/\/swissgliders.ch\/wp-content\/uploads\/2020\/01\/AD_Gleitschirm_Susi4-1.jpg","datePublished":"2020-01-21T20:18:48+00:00","dateModified":"2025-06-10T16:31:11+00:00","description":"Der Air Design SuSi 4 \u2013 #Superlight4all Gleitschirm einen Schirm f\u00fcr hike&fly der leicht, einfach aber leistungsf\u00e4hig ist. Das SuSi-Konzept wurde verbessert, der Schirm f\u00fchlt sich insgesamt ausgewogener an. Das Startverhalten ist sogar verbessert (ja!), das Rollen ist kontrollierter. Voll beschleunigt ist die Kappe stabiler geworden und auch schneller.Sie hat eine voll funktionsf\u00e4hige BC-Tragegurt-Steuerung mit Light- oder Superlight-Tragegurten \u2013 es ist \u00fcbrigens eine Frage des Gewichts oder des Komforts, welche man verwendet, das bleibt einem selbst \u00fcberlassen.Und im Standard-Gewichtsbereich haben wir immer noch eine EN-A-Zertifizierung (f\u00fcr die meisten Gr\u00f6\u00dfen) erreicht, so dass Neulinge den SuSi getrost als ihren ersten Schirm fliegen k\u00f6nnen.","breadcrumb":{"@id":"https:\/\/swissgliders.ch\/de\/produkt\/airdesign-susi-4-en-a-d\/#breadcrumb"},"inLanguage":"de","potentialAction":[{"@type":"ReadAction","target":["https:\/\/swissgliders.ch\/de\/produkt\/airdesign-susi-4-en-a-d\/"]}]},{"@type":"ImageObject","inLanguage":"de","@id":"https:\/\/swissgliders.ch\/de\/produkt\/airdesign-susi-4-en-a-d\/#primaryimage","url":"https:\/\/swissgliders.ch\/wp-content\/uploads\/2020\/01\/AD_Gleitschirm_Susi4-1.jpg","contentUrl":"https:\/\/swissgliders.ch\/wp-content\/uploads\/2020\/01\/AD_Gleitschirm_Susi4-1.jpg","width":1280,"height":807,"caption":"AD_Gleitschirm_Susi4-1"},{"@type":"BreadcrumbList","@id":"https:\/\/swissgliders.ch\/de\/produkt\/airdesign-susi-4-en-a-d\/#breadcrumb","itemListElement":[{"@type":"ListItem","position":1,"name":"Startseite","item":"https:\/\/swissgliders.ch\/de\/willkommen\/"},{"@type":"ListItem","position":2,"name":"Gleitschirm Shop","item":"https:\/\/swissgliders.ch\/de\/gleitschirm-shop\/"},{"@type":"ListItem","position":3,"name":"AirDesign SuSi 4 EN-A-D"}]},{"@type":"WebSite","@id":"https:\/\/swissgliders.ch\/de\/#website","url":"https:\/\/swissgliders.ch\/de\/","name":"Gleitschirmschule Thun, Bern, Interlaken","description":"Gleitschirmschule Thun, Bern, Interlaken","publisher":{"@id":"https:\/\/swissgliders.ch\/de\/#organization"},"potentialAction":[{"@type":"SearchAction","target":{"@type":"EntryPoint","urlTemplate":"https:\/\/swissgliders.ch\/de\/?s={search_term_string}"},"query-input":{"@type":"PropertyValueSpecification","valueRequired":true,"valueName":"search_term_string"}}],"inLanguage":"de"},{"@type":"Organization","@id":"https:\/\/swissgliders.ch\/de\/#organization","name":"Swissgliders Gleitschirmflugschule Thun","url":"https:\/\/swissgliders.ch\/de\/","logo":{"@type":"ImageObject","inLanguage":"de","@id":"https:\/\/swissgliders.ch\/de\/#\/schema\/logo\/image\/","url":"https:\/\/swissgliders.ch\/wp-content\/uploads\/2019\/12\/swissgliders-logo-rgb-square-L-no-ch-01.png","contentUrl":"https:\/\/swissgliders.ch\/wp-content\/uploads\/2019\/12\/swissgliders-logo-rgb-square-L-no-ch-01.png","width":2500,"height":2500,"caption":"Swissgliders Gleitschirmflugschule Thun"},"image":{"@id":"https:\/\/swissgliders.ch\/de\/#\/schema\/logo\/image\/"},"sameAs":["https:\/\/www.facebook.com\/swissgliders","https:\/\/x.com\/Swissgliders","https:\/\/www.instagram.com\/swissgliders\/","https:\/\/www.youtube.com\/channel\/UCMCtGdepy9vBhrhX3V_oJOA"],"hasMerchantReturnPolicy":{"@type":"MerchantReturnPolicy","merchantReturnLink":"https:\/\/swissgliders.ch\/de\/allgemeine-geschaftsbedingungen\/"}}]},"og_availability":"instock","product_availability":"instock","product_condition":"new"},"_links":{"self":[{"href":"https:\/\/swissgliders.ch\/de\/wp-json\/wp\/v2\/product\/4134","targetHints":{"allow":["GET"]}}],"collection":[{"href":"https:\/\/swissgliders.ch\/de\/wp-json\/wp\/v2\/product"}],"about":[{"href":"https:\/\/swissgliders.ch\/de\/wp-json\/wp\/v2\/types\/product"}],"replies":[{"embeddable":true,"href":"https:\/\/swissgliders.ch\/de\/wp-json\/wp\/v2\/comments?post=4134"}],"wp:featuredmedia":[{"embeddable":true,"href":"https:\/\/swissgliders.ch\/de\/wp-json\/wp\/v2\/media\/9892"}],"wp:attachment":[{"href":"https:\/\/swissgliders.ch\/de\/wp-json\/wp\/v2\/media?parent=4134"}],"wp:term":[{"taxonomy":"product_brand","embeddable":true,"href":"https:\/\/swissgliders.ch\/de\/wp-json\/wp\/v2\/product_brand?post=4134"},{"taxonomy":"product_cat","embeddable":true,"href":"https:\/\/swissgliders.ch\/de\/wp-json\/wp\/v2\/product_cat?post=4134"},{"taxonomy":"product_tag","embeddable":true,"href":"https:\/\/swissgliders.ch\/de\/wp-json\/wp\/v2\/product_tag?post=4134"}],"curies":[{"name":"wp","href":"https:\/\/api.w.org\/{rel}","templated":true}]}}